{"id":1113,"date":"2021-01-19T22:35:13","date_gmt":"2021-01-19T21:35:13","guid":{"rendered":"https:\/\/brest-ecologie.bzh\/?page_id=1113"},"modified":"2021-01-28T10:37:49","modified_gmt":"2021-01-28T09:37:49","slug":"politique-de-confidentialite-2","status":"publish","type":"page","link":"https:\/\/brest-ecologie.bzh\/?page_id=1113","title":{"rendered":"Politique de confidentialit\u00e9"},"content":{"rendered":"\n<h4 class=\"wp-block-heading\">Objet de la politique de confidentialit\u00e9 du site<\/h4>\n\n\n\n<p>La pr\u00e9sente politique de confidentialit\u00e9 s\u2019applique au site brest-ecologie.bzh. Elle a vocation \u00e0 exposer aux visiteuses et visiteurs du site la mani\u00e8re dont collect\u00e9es et trait\u00e9es leurs donn\u00e9es \u00e0 caract\u00e8re personnel (c\u2019est-\u00e0-dire toute donn\u00e9e susceptible de les identifier) et leurs droits concernant ces donn\u00e9es.<\/p>\n\n\n\n<p>Elle compl\u00e8te les <a href=\"https:\/\/brest-ecologie.bzh\/?p=158\" target=\"_blank\" rel=\"noreferrer noopener\">mentions l\u00e9gales<\/a> du site.<\/p>\n\n\n\n<p>L\u2019\u00e9diteur du site se r\u00e9serve le droit de modifier cette politique afin de garantir sa conformit\u00e9 avec le droit en vigueur. Les visiteurs et visiteuses sont donc invit\u00e9\u00b7e\u00b7s \u00e0 consulter cette politique de confidentialit\u00e9 r\u00e9guli\u00e8rement.<\/p>\n\n\n\n<p>Derni\u00e8re mise \u00e0 jour\u00a0: le 28\/01\/2021<\/p>\n\n\n\n<h4 class=\"wp-block-heading\">Les donn\u00e9es des visiteur\u00b7euse\u00b7s collect\u00e9es sur le site<\/h4>\n\n\n\n<h5 class=\"wp-block-heading\">Formulaires<\/h5>\n\n\n\n<p>Trois formulaires sont pr\u00e9sents sur le site&nbsp;: un formulaire pour s\u2019abonner \u00e0 la newsletter, un formulaire de contact et un formulaire, ci-dessous, pour faire une demande aupr\u00e8s du D\u00e9l\u00e9gu\u00e9 \u00e0 la Protection des Donn\u00e9es.<\/p>\n\n\n\n<p>Les formulaires pr\u00e9cit\u00e9s visent \u00e0 collecter les adresses mails, noms et pr\u00e9noms des personnes qui les remplissent, ainsi que leurs adresses IP utilis\u00e9es lors des inscriptions pour des raisons de s\u00e9curit\u00e9 du site.<\/p>\n\n\n\n<p>Ces donn\u00e9es sont utilis\u00e9es pour envoyer des e-mails \u00e0 vis\u00e9e informative (newsletter, r\u00e9ponse \u00e0 une question, \u2026). Nous vous enverrons uniquement des e-mails que vous avez accept\u00e9 de recevoir lorsque vous avez rempli les formulaires pr\u00e9cit\u00e9s.<\/p>\n\n\n\n<h5 class=\"wp-block-heading\">Statistiques et mesures d\u2019audience<\/h5>\n\n\n\n<p>Ce site web utilise \u00ab Matomo Analytics \u00bb sans&nbsp;<em>cookies<\/em>. Matomo est un logiciel en open-source de mesure de statistiques web. Les donn\u00e9es collect\u00e9es par Matomo (pages consult\u00e9es, liens ouverts, documents t\u00e9l\u00e9charg\u00e9s, temps de g\u00e9n\u00e9ration d&rsquo;une page, date et heure des requ\u00eates, langue du navigateur, localisation, r\u00e9solution) sont utilis\u00e9es uniquement dans le but d&rsquo;am\u00e9liorer notre site. Lorsque les donn\u00e9es collect\u00e9es par Matomo peuvent \u00eatre consid\u00e9r\u00e9es comme \u00e0 caract\u00e8re personnel (adresses IP et referer), elles sont anonymis\u00e9es. <\/p>\n\n\n\n<p>Si la fonctionnalit\u00e9 \u00ab\u00a0Ne pas suivre\u00a0\u00bb est activ\u00e9e sur votre navigateur, ces informations ne seront pas collect\u00e9es, sans incidence sur votre navigation sur notre site. Si cette fonctionnalit\u00e9 n&rsquo;est pas activ\u00e9e, mais que vous ne souhaitez pas que les donn\u00e9es concernant votre navigation sur notre site soient collect\u00e9es, vous pouvez cocher la case ci-dessous.<\/p>\n\n\n\n<p id=\"matomo_opted_out_intro\" style=\"display:none;\">Opt-out complete; your visits to this website will not be recorded by the Web Analytics tool. Note that if you clear your cookies, delete the opt-out cookie, or if you change computers or Web browsers, you will need to perform the opt-out procedure again.<\/p><p id=\"matomo_opted_in_intro\" >You may choose to prevent this website from aggregating and analyzing the actions you take here. Doing so will protect your privacy, but will also prevent the owner from learning from your actions and creating a better experience for you and other users.<\/p><form>\n        <input type=\"checkbox\" id=\"matomo_optout_checkbox\" checked=\"checked\"\/>\n        <label for=\"matomo_optout_checkbox\"><strong>\n        <span id=\"matomo_opted_in_label\" >You are not opted out. Uncheck this box to opt-out.<\/span>\n\t\t<span id=\"matomo_opted_out_label\" style=\"display:none;\">You are currently opted out. Check this box to opt-in.<\/span>\n        <\/strong><\/label><\/form><noscript><p><strong style=\"color: #ff0000;\">This opt out feature requires JavaScript.<\/strong><\/p><\/noscript><p id=\"matomo_outout_err_cookies\" style=\"display: none;\"><strong>The tracking opt-out feature requires cookies to be enabled.<\/strong><\/p>\n\n\n\n<h4 class=\"wp-block-heading\">Conservation et transmission des donn\u00e9es collect\u00e9es sur le site<\/h4>\n\n\n\n<p>Les donn\u00e9es \u00e0 caract\u00e8re personnel collect\u00e9es ne sont transmises \u00e0 aucun tiers, et ne sont trait\u00e9es que par l\u2019\u00e9diteur du site.<\/p>\n\n\n\n<p>Toutes les donn\u00e9es collect\u00e9es par Matomo Analytics sont stock\u00e9es uniquement dans la base de donn\u00e9es MySQL du site web&nbsp;<a href=\"http:\/\/elus.brest-ecologie.bzh\/\">brest-ecologie.bzh<\/a>. Aucune autre entreprise (ou membre de l\u2019\u00e9quipe Matomo) ne peut acc\u00e9der \u00e0 ces informations, et les journaux ou les donn\u00e9es de rapport ne seront jamais envoy\u00e9s \u00e0 d\u2019autres serveurs par Matomo.<\/p>\n\n\n\n<p>Les noms, pr\u00e9noms et adresses mails transmis lors de l\u2019envoi de formulaires sont conserv\u00e9s ind\u00e9finiment dans une base de donn\u00e9es informatis\u00e9e g\u00e9r\u00e9e par l\u2019\u00e9diteur du site. <\/p>\n\n\n\n<p>Les adresses IP, collect\u00e9es automatiquement par les services utilis\u00e9s par ce site, sont conserv\u00e9es pendant 30 jours par les op\u00e9rateurs des services susmentionn\u00e9s.<\/p>\n\n\n\n<p>Les autres donn\u00e9es et m\u00e9tadonn\u00e9es sont supprim\u00e9es automatiquement apr\u00e8s 180 jours.<\/p>\n\n\n\n<h4 class=\"wp-block-heading\">Les droits des visiteur\u00b7euse\u00b7s du site concernant leurs donn\u00e9es personnelles<\/h4>\n\n\n\n<p>Conform\u00e9ment \u00e0 la loi Informatique et Libert\u00e9s, les visiteurs et visiteuses de brest-ecologie.bzh ont un droit d\u2019acc\u00e8s aux donn\u00e9es les concernant et peuvent les faire rectifier ou supprimer en remplissant le formulaire ci-dessous.<\/p>\n\n\n\n<p>Le\u00b7a D\u00e9l\u00e9gu\u00e9\u00b7e \u00e0 la Protection des Donn\u00e9es (DPO) est le\u00b7a Pr\u00e9sident\u00b7e du groupe des \u00e9lu\u00b7e\u00b7s \u00e9cologistes. Vous pouvez le\u00b7a contacter en remplissant ce formulaire.<\/p>\n\n\n\n<p><\/p>\n\n\n\n<h4 class=\"wp-block-heading\">Modifier ou supprimer vos donn\u00e9es personnelles<\/h4>\n\n\n<div class=\"wpforms-container wpforms-container-full wpforms-block\" id=\"wpforms-1137\"><form id=\"wpforms-form-1137\" class=\"wpforms-validate wpforms-form\" data-formid=\"1137\" method=\"post\" enctype=\"multipart\/form-data\" action=\"\/index.php?rest_route=%2Fwp%2Fv2%2Fpages%2F1113\" data-token=\"83257642c1c0a474c365319784f555d8\" data-token-time=\"1777382009\"><noscript class=\"wpforms-error-noscript\">Veuillez activer JavaScript dans votre navigateur pour remplir ce formulaire.<\/noscript><div class=\"wpforms-field-container\"><div id=\"wpforms-1137-field_3-container\" class=\"wpforms-field wpforms-field-name\" data-field-id=\"3\"><label class=\"wpforms-field-label\" for=\"wpforms-1137-field_3\">Nom <span class=\"wpforms-required-label\">*<\/span><\/label><div class=\"wpforms-field-row wpforms-field-medium\"><div class=\"wpforms-field-row-block wpforms-first wpforms-one-half\"><input type=\"text\" id=\"wpforms-1137-field_3\" class=\"wpforms-field-name-first wpforms-field-required\" name=\"wpforms[fields][3][first]\" required><label for=\"wpforms-1137-field_3\" class=\"wpforms-field-sublabel after\">Pr\u00e9nom<\/label><\/div><div class=\"wpforms-field-row-block wpforms-one-half\"><input type=\"text\" id=\"wpforms-1137-field_3-last\" class=\"wpforms-field-name-last wpforms-field-required\" name=\"wpforms[fields][3][last]\" required><label for=\"wpforms-1137-field_3-last\" class=\"wpforms-field-sublabel after\">Nom<\/label><\/div><\/div><\/div><div id=\"wpforms-1137-field_1-container\" class=\"wpforms-field wpforms-field-email\" data-field-id=\"1\"><label class=\"wpforms-field-label\" for=\"wpforms-1137-field_1\">E-mail <span class=\"wpforms-required-label\">*<\/span><\/label><input type=\"email\" id=\"wpforms-1137-field_1\" class=\"wpforms-field-medium wpforms-field-required\" name=\"wpforms[fields][1]\" spellcheck=\"false\" required><\/div><div id=\"wpforms-1137-field_5-container\" class=\"wpforms-field wpforms-field-select wpforms-field-select-style-classic\" data-field-id=\"5\"><label class=\"wpforms-field-label\" for=\"wpforms-1137-field_5\">Votre demande concerne <span class=\"wpforms-required-label\">*<\/span><\/label><select id=\"wpforms-1137-field_5\" class=\"wpforms-field-medium wpforms-field-required\" name=\"wpforms[fields][5]\" required=\"required\"><option value=\"Information sur vos donn\u00e9es personnelles\" >Information sur vos donn\u00e9es personnelles<\/option><option value=\"Modification de vos donn\u00e9es personnelles\" >Modification de vos donn\u00e9es personnelles<\/option><option value=\"Suppression de vos donn\u00e9es personnelles\" >Suppression de vos donn\u00e9es personnelles<\/option><\/select><\/div><div id=\"wpforms-1137-field_4-container\" class=\"wpforms-field wpforms-field-textarea\" data-field-id=\"4\"><label class=\"wpforms-field-label\" for=\"wpforms-1137-field_4\">Votre message <span class=\"wpforms-required-label\">*<\/span><\/label><textarea id=\"wpforms-1137-field_4\" class=\"wpforms-field-medium wpforms-field-required\" name=\"wpforms[fields][4]\" required><\/textarea><\/div><div id=\"wpforms-1137-field_6-container\" class=\"wpforms-field wpforms-field-checkbox\" data-field-id=\"6\"><ul id=\"wpforms-1137-field_6\"><li class=\"choice-1 depth-1\"><input type=\"checkbox\" id=\"wpforms-1137-field_6_1\" name=\"wpforms[fields][6][]\" value=\"J\u2019accepte que brest-ecologie.bzh collecte et utilise les donn\u00e9es personnelles que je renseigne dans ce formulaire dans le but de m\u2019envoyer des informations en accord avec notre politique de protection des donn\u00e9es. Si je contacte l&#039;\u00e9diteur du site en vue de faire supprimer mes donn\u00e9es personnelles, celles-ci ne seront pas conserv\u00e9es.\"  ><label class=\"wpforms-field-label-inline\" for=\"wpforms-1137-field_6_1\">J\u2019accepte que brest-ecologie.bzh collecte et utilise les donn\u00e9es personnelles que je renseigne dans ce formulaire dans le but de m\u2019envoyer des informations en accord avec notre politique de protection des donn\u00e9es. Si je contacte l&rsquo;\u00e9diteur du site en vue de faire supprimer mes donn\u00e9es personnelles, celles-ci ne seront pas conserv\u00e9es.<\/label><\/li><\/ul><\/div><\/div><!-- .wpforms-field-container --><div class=\"wpforms-submit-container\" ><input type=\"hidden\" name=\"wpforms[id]\" value=\"1137\"><input type=\"hidden\" name=\"page_title\" value=\"\"><input type=\"hidden\" name=\"page_url\" value=\"https:\/\/brest-ecologie.bzh\/index.php?rest_route=%2Fwp%2Fv2%2Fpages%2F1113\"><button type=\"submit\" name=\"wpforms[submit]\" id=\"wpforms-submit-1137\" class=\"wpforms-submit\" data-alt-text=\"Envoi...\" data-submit-text=\"Envoyer\" aria-live=\"assertive\" value=\"wpforms-submit\">Envoyer<\/button><\/div><\/form><\/div>  <!-- .wpforms-container -->","protected":false},"excerpt":{"rendered":"<p>Objet de la politique de confidentialit\u00e9 du site La pr\u00e9sente politique de confidentialit\u00e9 s\u2019applique au site brest-ecologie.bzh. Elle a vocation \u00e0 exposer aux visiteuses et visiteurs du site la mani\u00e8re dont collect\u00e9es et trait\u00e9es leurs donn\u00e9es \u00e0 caract\u00e8re personnel (c\u2019est-\u00e0-dire toute donn\u00e9e susceptible de les identifier) et leurs droits concernant ces donn\u00e9es. Elle compl\u00e8te les&hellip;<\/p>\n","protected":false},"author":1,"featured_media":0,"parent":0,"menu_order":0,"comment_status":"closed","ping_status":"open","template":"","meta":{"footnotes":""},"class_list":["post-1113","page","type-page","status-publish","hentry"],"yoast_head":"<!-- This site is optimized with the Yoast SEO plugin v23.0 - https:\/\/yoast.com\/wordpress\/plugins\/seo\/ -->\n<title>Politique de confidentialit\u00e9 - Elu\u00b7es \u00e9cologistes Brest<\/title>\n<meta name=\"robots\" content=\"index, follow, max-snippet:-1, max-image-preview:large, max-video-preview:-1\" \/>\n<link rel=\"canonical\" href=\"https:\/\/brest-ecologie.bzh\/?page_id=1113\" \/>\n<meta property=\"og:locale\" content=\"fr_FR\" \/>\n<meta property=\"og:type\" content=\"article\" \/>\n<meta property=\"og:title\" content=\"Politique de confidentialit\u00e9 - Elu\u00b7es \u00e9cologistes Brest\" \/>\n<meta property=\"og:description\" content=\"Objet de la politique de confidentialit\u00e9 du site La pr\u00e9sente politique de confidentialit\u00e9 s\u2019applique au site brest-ecologie.bzh. Elle a vocation \u00e0 exposer aux visiteuses et visiteurs du site la mani\u00e8re dont collect\u00e9es et trait\u00e9es leurs donn\u00e9es \u00e0 caract\u00e8re personnel (c\u2019est-\u00e0-dire toute donn\u00e9e susceptible de les identifier) et leurs droits concernant ces donn\u00e9es. Elle compl\u00e8te les&hellip;\" \/>\n<meta property=\"og:url\" content=\"https:\/\/brest-ecologie.bzh\/?page_id=1113\" \/>\n<meta property=\"og:site_name\" content=\"Elu\u00b7es \u00e9cologistes Brest\" \/>\n<meta property=\"article:publisher\" content=\"https:\/\/www.facebook.com\/Elu.e.sEcoloBrest\" \/>\n<meta property=\"article:modified_time\" content=\"2021-01-28T09:37:49+00:00\" \/>\n<meta name=\"twitter:card\" content=\"summary_large_image\" \/>\n<meta name=\"twitter:site\" content=\"@BrestEcologie\" \/>\n<meta name=\"twitter:label1\" content=\"Dur\u00e9e de lecture estim\u00e9e\" \/>\n\t<meta name=\"twitter:data1\" content=\"3 minutes\" \/>\n<script type=\"application\/ld+json\" class=\"yoast-schema-graph\">{\"@context\":\"https:\/\/schema.org\",\"@graph\":[{\"@type\":\"WebPage\",\"@id\":\"https:\/\/brest-ecologie.bzh\/?page_id=1113\",\"url\":\"https:\/\/brest-ecologie.bzh\/?page_id=1113\",\"name\":\"Politique de confidentialit\u00e9 - Elu\u00b7es \u00e9cologistes Brest\",\"isPartOf\":{\"@id\":\"https:\/\/brest-ecologie.bzh\/#website\"},\"datePublished\":\"2021-01-19T21:35:13+00:00\",\"dateModified\":\"2021-01-28T09:37:49+00:00\",\"breadcrumb\":{\"@id\":\"https:\/\/brest-ecologie.bzh\/?page_id=1113#breadcrumb\"},\"inLanguage\":\"fr-FR\",\"potentialAction\":[{\"@type\":\"ReadAction\",\"target\":[\"https:\/\/brest-ecologie.bzh\/?page_id=1113\"]}]},{\"@type\":\"BreadcrumbList\",\"@id\":\"https:\/\/brest-ecologie.bzh\/?page_id=1113#breadcrumb\",\"itemListElement\":[{\"@type\":\"ListItem\",\"position\":1,\"name\":\"Accueil\",\"item\":\"https:\/\/brest-ecologie.bzh\/\"},{\"@type\":\"ListItem\",\"position\":2,\"name\":\"Politique de confidentialit\u00e9\"}]},{\"@type\":\"WebSite\",\"@id\":\"https:\/\/brest-ecologie.bzh\/#website\",\"url\":\"https:\/\/brest-ecologie.bzh\/\",\"name\":\"Elu\u00b7e\u00b7s \u00e9cologistes Brest\",\"description\":\"\",\"publisher\":{\"@id\":\"https:\/\/brest-ecologie.bzh\/#organization\"},\"potentialAction\":[{\"@type\":\"SearchAction\",\"target\":{\"@type\":\"EntryPoint\",\"urlTemplate\":\"https:\/\/brest-ecologie.bzh\/?s={search_term_string}\"},\"query-input\":\"required name=search_term_string\"}],\"inLanguage\":\"fr-FR\"},{\"@type\":\"Organization\",\"@id\":\"https:\/\/brest-ecologie.bzh\/#organization\",\"name\":\"Elu\u00b7e\u00b7s \u00e9cologistes de Brest ville et m\u00e9tropole\",\"url\":\"https:\/\/brest-ecologie.bzh\/\",\"logo\":{\"@type\":\"ImageObject\",\"inLanguage\":\"fr-FR\",\"@id\":\"https:\/\/brest-ecologie.bzh\/#\/schema\/logo\/image\/\",\"url\":\"https:\/\/brest-ecologie.bzh\/wp-content\/uploads\/2021\/02\/logo-elus.png\",\"contentUrl\":\"https:\/\/brest-ecologie.bzh\/wp-content\/uploads\/2021\/02\/logo-elus.png\",\"width\":2300,\"height\":921,\"caption\":\"Elu\u00b7e\u00b7s \u00e9cologistes de Brest ville et m\u00e9tropole\"},\"image\":{\"@id\":\"https:\/\/brest-ecologie.bzh\/#\/schema\/logo\/image\/\"},\"sameAs\":[\"https:\/\/www.facebook.com\/Elu.e.sEcoloBrest\",\"https:\/\/x.com\/BrestEcologie\",\"https:\/\/www.youtube.com\/channel\/UCF26X4ImxDdDiydIKxoA2WA\"]}]}<\/script>\n<!-- \/ Yoast SEO plugin. -->","yoast_head_json":{"title":"Politique de confidentialit\u00e9 - Elu\u00b7es \u00e9cologistes Brest","robots":{"index":"index","follow":"follow","max-snippet":"max-snippet:-1","max-image-preview":"max-image-preview:large","max-video-preview":"max-video-preview:-1"},"canonical":"https:\/\/brest-ecologie.bzh\/?page_id=1113","og_locale":"fr_FR","og_type":"article","og_title":"Politique de confidentialit\u00e9 - Elu\u00b7es \u00e9cologistes Brest","og_description":"Objet de la politique de confidentialit\u00e9 du site La pr\u00e9sente politique de confidentialit\u00e9 s\u2019applique au site brest-ecologie.bzh. Elle a vocation \u00e0 exposer aux visiteuses et visiteurs du site la mani\u00e8re dont collect\u00e9es et trait\u00e9es leurs donn\u00e9es \u00e0 caract\u00e8re personnel (c\u2019est-\u00e0-dire toute donn\u00e9e susceptible de les identifier) et leurs droits concernant ces donn\u00e9es. Elle compl\u00e8te les&hellip;","og_url":"https:\/\/brest-ecologie.bzh\/?page_id=1113","og_site_name":"Elu\u00b7es \u00e9cologistes Brest","article_publisher":"https:\/\/www.facebook.com\/Elu.e.sEcoloBrest","article_modified_time":"2021-01-28T09:37:49+00:00","twitter_card":"summary_large_image","twitter_site":"@BrestEcologie","twitter_misc":{"Dur\u00e9e de lecture estim\u00e9e":"3 minutes"},"schema":{"@context":"https:\/\/schema.org","@graph":[{"@type":"WebPage","@id":"https:\/\/brest-ecologie.bzh\/?page_id=1113","url":"https:\/\/brest-ecologie.bzh\/?page_id=1113","name":"Politique de confidentialit\u00e9 - Elu\u00b7es \u00e9cologistes Brest","isPartOf":{"@id":"https:\/\/brest-ecologie.bzh\/#website"},"datePublished":"2021-01-19T21:35:13+00:00","dateModified":"2021-01-28T09:37:49+00:00","breadcrumb":{"@id":"https:\/\/brest-ecologie.bzh\/?page_id=1113#breadcrumb"},"inLanguage":"fr-FR","potentialAction":[{"@type":"ReadAction","target":["https:\/\/brest-ecologie.bzh\/?page_id=1113"]}]},{"@type":"BreadcrumbList","@id":"https:\/\/brest-ecologie.bzh\/?page_id=1113#breadcrumb","itemListElement":[{"@type":"ListItem","position":1,"name":"Accueil","item":"https:\/\/brest-ecologie.bzh\/"},{"@type":"ListItem","position":2,"name":"Politique de confidentialit\u00e9"}]},{"@type":"WebSite","@id":"https:\/\/brest-ecologie.bzh\/#website","url":"https:\/\/brest-ecologie.bzh\/","name":"Elu\u00b7e\u00b7s \u00e9cologistes Brest","description":"","publisher":{"@id":"https:\/\/brest-ecologie.bzh\/#organization"},"potentialAction":[{"@type":"SearchAction","target":{"@type":"EntryPoint","urlTemplate":"https:\/\/brest-ecologie.bzh\/?s={search_term_string}"},"query-input":"required name=search_term_string"}],"inLanguage":"fr-FR"},{"@type":"Organization","@id":"https:\/\/brest-ecologie.bzh\/#organization","name":"Elu\u00b7e\u00b7s \u00e9cologistes de Brest ville et m\u00e9tropole","url":"https:\/\/brest-ecologie.bzh\/","logo":{"@type":"ImageObject","inLanguage":"fr-FR","@id":"https:\/\/brest-ecologie.bzh\/#\/schema\/logo\/image\/","url":"https:\/\/brest-ecologie.bzh\/wp-content\/uploads\/2021\/02\/logo-elus.png","contentUrl":"https:\/\/brest-ecologie.bzh\/wp-content\/uploads\/2021\/02\/logo-elus.png","width":2300,"height":921,"caption":"Elu\u00b7e\u00b7s \u00e9cologistes de Brest ville et m\u00e9tropole"},"image":{"@id":"https:\/\/brest-ecologie.bzh\/#\/schema\/logo\/image\/"},"sameAs":["https:\/\/www.facebook.com\/Elu.e.sEcoloBrest","https:\/\/x.com\/BrestEcologie","https:\/\/www.youtube.com\/channel\/UCF26X4ImxDdDiydIKxoA2WA"]}]}},"_links":{"self":[{"href":"https:\/\/brest-ecologie.bzh\/index.php?rest_route=\/wp\/v2\/pages\/1113","targetHints":{"allow":["GET"]}}],"collection":[{"href":"https:\/\/brest-ecologie.bzh\/index.php?rest_route=\/wp\/v2\/pages"}],"about":[{"href":"https:\/\/brest-ecologie.bzh\/index.php?rest_route=\/wp\/v2\/types\/page"}],"author":[{"embeddable":true,"href":"https:\/\/brest-ecologie.bzh\/index.php?rest_route=\/wp\/v2\/users\/1"}],"replies":[{"embeddable":true,"href":"https:\/\/brest-ecologie.bzh\/index.php?rest_route=%2Fwp%2Fv2%2Fcomments&post=1113"}],"version-history":[{"count":6,"href":"https:\/\/brest-ecologie.bzh\/index.php?rest_route=\/wp\/v2\/pages\/1113\/revisions"}],"predecessor-version":[{"id":1363,"href":"https:\/\/brest-ecologie.bzh\/index.php?rest_route=\/wp\/v2\/pages\/1113\/revisions\/1363"}],"wp:attachment":[{"href":"https:\/\/brest-ecologie.bzh\/index.php?rest_route=%2Fwp%2Fv2%2Fmedia&parent=1113"}],"curies":[{"name":"wp","href":"https:\/\/api.w.org\/{rel}","templated":true}]}}