{"id":761,"date":"2021-01-07T14:41:43","date_gmt":"2021-01-07T13:41:43","guid":{"rendered":"http:\/\/brest-ecologie.bzh\/?page_id=761"},"modified":"2021-01-22T11:20:48","modified_gmt":"2021-01-22T10:20:48","slug":"innovation-sociale-et-communs","status":"publish","type":"page","link":"https:\/\/brest-ecologie.bzh\/?page_id=761","title":{"rendered":"Innovation sociale et communs"},"content":{"rendered":"\n<div class=\"wp-block-cover alignfull has-background-dim-100 has-background-dim\" style=\"background-image:url(http:\/\/brest-ecologie.bzh\/wp-content\/plugins\/twentig\/dist\/images\/patterns\/wide.jpg);background-color:#144523;min-height:500px;aspect-ratio:unset;\"><div class=\"wp-block-cover__inner-container is-layout-flow wp-block-cover-is-layout-flow\">\n<h1 class=\"has-text-align-center wp-block-heading\">Innovation sociale et communs<\/h1>\n\n\n\n<p class=\"has-text-align-center has-h-2-font-size\"><strong>Kinnigo\u00f9 sokial ha servijo\u00f9 boutin<\/strong><\/p>\n<\/div><\/div>\n\n\n\n<h2 class=\"has-text-align-center wp-block-heading\">Nos engagements<\/h2>\n\n\n\n<p class=\"has-text-align-center tw-text-wide\">L\u2019innovation sociale permet de r\u00e9pondre aux besoins des citoyen\u00b7ne\u00b7s et doit \u00eatre encourag\u00e9e.<\/p>\n\n\n\n<p class=\"has-text-align-center tw-text-wide\">Pour prot\u00e9ger et favoriser l\u2019utilisation des communs urbains, nous souhaitons mettre en place une <strong><span class=\"has-inline-color has-accent-color\">charte brestoise des communs<\/span><\/strong> et initier une <strong>d\u00e9marche participative<\/strong> autour de 10 lieux \u00e0 r\u00e9inventer.<\/p>\n\n\n\n<p class=\"has-text-align-center tw-text-wide\">Nous proposons \u00e9galement la cr\u00e9ation d\u2019une <span class=\"has-inline-color has-accent-color\">Assembl\u00e9e du temps long<\/span>, dont les membres seront tir\u00e9\u00b7e\u00b7s au sort parmi les habitant\u00b7e\u00b7s pour \u00e9tudier notamment les moyens de lutter contre les effets locaux du r\u00e9chauffement climatique.<\/p>\n\n\n\n<div class=\"wp-block-group alignfull has-background-color has-text-color has-background\" style=\"background-color:#144523\"><div class=\"wp-block-group__inner-container is-layout-flow wp-block-group-is-layout-flow\">\n<h2 class=\"has-text-align-center wp-block-heading\">Les actions \u00e0 r\u00e9aliser<\/h2>\n\n\n\n<div class=\"wp-block-columns alignwide is-layout-flex wp-container-core-columns-is-layout-28f84493 wp-block-columns-is-layout-flex\">\n<div class=\"wp-block-column is-layout-flow wp-block-column-is-layout-flow\">\n<ul class=\"is-style-tw-arrow wp-block-list\"><li>Proposition 118 : Cr\u00e9er une Assembl\u00e9e du temps long <\/li><\/ul>\n<\/div>\n\n\n\n<div class=\"wp-block-column is-layout-flow wp-block-column-is-layout-flow\">\n<ul class=\"is-style-tw-arrow wp-block-list\"><li>Proposition 119 : \u00c9dicter une charte brestoise des Communs<\/li><\/ul>\n<\/div>\n\n\n\n<div class=\"wp-block-column is-layout-flow wp-block-column-is-layout-flow\">\n<ul class=\"is-style-tw-arrow wp-block-list\"><li>Proposition 75 : Instituer un bureau des temps charg\u00e9 de travailler \u00e0 l\u2019accessibilit\u00e9 des horaires des services publics locaux<\/li><\/ul>\n<\/div>\n<\/div>\n<\/div><\/div>\n\n\n\n<div class=\"wp-block-group alignfull\"><div class=\"wp-block-group__inner-container is-layout-flow wp-block-group-is-layout-flow\">\n<h2 class=\"has-text-align-center wp-block-heading\">Sur ce sujet<\/h2>\n\n\n<ul class=\"wp-block-latest-posts__list is-grid columns-3 has-dates alignwide tw-mt-8 is-style-tw-posts-card tw-img-ratio-3-2 tw-heading-size-medium tw-stretched-link wp-block-latest-posts\"><li><div class=\"wp-block-latest-posts__featured-image\"><img loading=\"lazy\" decoding=\"async\" width=\"580\" height=\"823\" src=\"https:\/\/brest-ecologie.bzh\/wp-content\/uploads\/2024\/06\/436221541_749058397405766_7492083422651671691_n-722x1024.jpeg\" class=\"attachment-large size-large wp-post-image\" alt=\"&quot;Des fleurs dans ma rue !&quot; D\u00e9marche participative de Brest M\u00e9tropole et Ville de Brest\" style=\"\" srcset=\"https:\/\/brest-ecologie.bzh\/wp-content\/uploads\/2024\/06\/436221541_749058397405766_7492083422651671691_n-722x1024.jpeg 722w, https:\/\/brest-ecologie.bzh\/wp-content\/uploads\/2024\/06\/436221541_749058397405766_7492083422651671691_n-212x300.jpeg 212w, https:\/\/brest-ecologie.bzh\/wp-content\/uploads\/2024\/06\/436221541_749058397405766_7492083422651671691_n-768x1089.jpeg 768w, https:\/\/brest-ecologie.bzh\/wp-content\/uploads\/2024\/06\/436221541_749058397405766_7492083422651671691_n.jpeg 875w\" sizes=\"auto, (min-width: 1280px) 378px, (min-width: 1024px) calc(33.33vw - 48px), (min-width: 700px) calc(50vw - 56px), calc(100vw - 40px)\" \/><\/div><a class=\"wp-block-latest-posts__post-title\" href=\"https:\/\/brest-ecologie.bzh\/?p=4324\">Des fleurs dans ma rue !<\/a><time datetime=\"2024-06-06T15:04:17+02:00\" class=\"wp-block-latest-posts__post-date\">6 juin 2024<\/time><\/li>\n<li><div class=\"wp-block-latest-posts__featured-image\"><img loading=\"lazy\" decoding=\"async\" width=\"580\" height=\"326\" src=\"https:\/\/brest-ecologie.bzh\/wp-content\/uploads\/2023\/10\/2-1-1024x576.jpg\" class=\"attachment-large size-large wp-post-image\" alt=\"\" style=\"\" srcset=\"https:\/\/brest-ecologie.bzh\/wp-content\/uploads\/2023\/10\/2-1-1024x576.jpg 1024w, https:\/\/brest-ecologie.bzh\/wp-content\/uploads\/2023\/10\/2-1-300x169.jpg 300w, https:\/\/brest-ecologie.bzh\/wp-content\/uploads\/2023\/10\/2-1-768x432.jpg 768w, https:\/\/brest-ecologie.bzh\/wp-content\/uploads\/2023\/10\/2-1-1536x864.jpg 1536w, https:\/\/brest-ecologie.bzh\/wp-content\/uploads\/2023\/10\/2-1-1200x675.jpg 1200w, https:\/\/brest-ecologie.bzh\/wp-content\/uploads\/2023\/10\/2-1-1320x743.jpg 1320w, https:\/\/brest-ecologie.bzh\/wp-content\/uploads\/2023\/10\/2-1.jpg 1920w\" sizes=\"auto, (min-width: 1280px) 378px, (min-width: 1024px) calc(33.33vw - 48px), (min-width: 700px) calc(50vw - 56px), calc(100vw - 40px)\" \/><\/div><a class=\"wp-block-latest-posts__post-title\" href=\"https:\/\/brest-ecologie.bzh\/?p=3914\">Glen Dissaux &#8211; Concession relative au mobilier urbain<\/a><time datetime=\"2023-10-12T10:13:43+02:00\" class=\"wp-block-latest-posts__post-date\">12 octobre 2023<\/time><\/li>\n<li><div class=\"wp-block-latest-posts__featured-image\"><img loading=\"lazy\" decoding=\"async\" width=\"580\" height=\"326\" src=\"https:\/\/brest-ecologie.bzh\/wp-content\/uploads\/2023\/10\/5-1024x576.jpg\" class=\"attachment-large size-large wp-post-image\" alt=\"\" style=\"\" srcset=\"https:\/\/brest-ecologie.bzh\/wp-content\/uploads\/2023\/10\/5-1024x576.jpg 1024w, https:\/\/brest-ecologie.bzh\/wp-content\/uploads\/2023\/10\/5-300x169.jpg 300w, https:\/\/brest-ecologie.bzh\/wp-content\/uploads\/2023\/10\/5-768x432.jpg 768w, https:\/\/brest-ecologie.bzh\/wp-content\/uploads\/2023\/10\/5-1536x864.jpg 1536w, https:\/\/brest-ecologie.bzh\/wp-content\/uploads\/2023\/10\/5-1200x675.jpg 1200w, https:\/\/brest-ecologie.bzh\/wp-content\/uploads\/2023\/10\/5-1320x743.jpg 1320w, https:\/\/brest-ecologie.bzh\/wp-content\/uploads\/2023\/10\/5.jpg 1920w\" sizes=\"auto, (min-width: 1280px) 378px, (min-width: 1024px) calc(33.33vw - 48px), (min-width: 700px) calc(50vw - 56px), calc(100vw - 40px)\" \/><\/div><a class=\"wp-block-latest-posts__post-title\" href=\"https:\/\/brest-ecologie.bzh\/?p=3896\">Nathalie Chaline &#8211; Solidarit\u00e9 et lutte contre la pauvret\u00e9<\/a><time datetime=\"2023-10-11T17:19:15+02:00\" class=\"wp-block-latest-posts__post-date\">11 octobre 2023<\/time><\/li>\n<li><div class=\"wp-block-latest-posts__featured-image\"><img loading=\"lazy\" decoding=\"async\" width=\"580\" height=\"387\" src=\"https:\/\/brest-ecologie.bzh\/wp-content\/uploads\/2022\/04\/natureenville.jpg\" class=\"attachment-large size-large wp-post-image\" alt=\"Nature en ville \u00e0 Brest : deuxi\u00e8me \u00e9dition de Des fleurs dans ma rue\" style=\"\" srcset=\"https:\/\/brest-ecologie.bzh\/wp-content\/uploads\/2022\/04\/natureenville.jpg 768w, https:\/\/brest-ecologie.bzh\/wp-content\/uploads\/2022\/04\/natureenville-300x200.jpg 300w\" sizes=\"auto, (min-width: 1280px) 378px, (min-width: 1024px) calc(33.33vw - 48px), (min-width: 700px) calc(50vw - 56px), calc(100vw - 40px)\" \/><\/div><a class=\"wp-block-latest-posts__post-title\" href=\"https:\/\/brest-ecologie.bzh\/?p=2776\">Des fleurs dans ma rue, c&rsquo;est reparti !<\/a><time datetime=\"2022-04-03T15:15:00+02:00\" class=\"wp-block-latest-posts__post-date\">3 avril 2022<\/time><\/li>\n<li><div class=\"wp-block-latest-posts__featured-image\"><img loading=\"lazy\" decoding=\"async\" width=\"580\" height=\"486\" src=\"https:\/\/brest-ecologie.bzh\/wp-content\/uploads\/2021\/03\/1.png\" class=\"attachment-large size-large wp-post-image\" alt=\"Rencontrez Gwendal Quiguer, \u00e9lu \u00e9cologiste de Brest\" style=\"\" srcset=\"https:\/\/brest-ecologie.bzh\/wp-content\/uploads\/2021\/03\/1.png 940w, https:\/\/brest-ecologie.bzh\/wp-content\/uploads\/2021\/03\/1-300x251.png 300w, https:\/\/brest-ecologie.bzh\/wp-content\/uploads\/2021\/03\/1-768x644.png 768w\" sizes=\"auto, (min-width: 1280px) 378px, (min-width: 1024px) calc(33.33vw - 48px), (min-width: 700px) calc(50vw - 56px), calc(100vw - 40px)\" \/><\/div><a class=\"wp-block-latest-posts__post-title\" href=\"https:\/\/brest-ecologie.bzh\/?p=1513\">Gwendal Quiguer \u00e9change avec les Brestoises et les Brestois<\/a><time datetime=\"2021-03-30T17:01:34+02:00\" class=\"wp-block-latest-posts__post-date\">30 mars 2021<\/time><\/li>\n<li><div class=\"wp-block-latest-posts__featured-image\"><img loading=\"lazy\" decoding=\"async\" width=\"580\" height=\"580\" src=\"https:\/\/brest-ecologie.bzh\/wp-content\/uploads\/2021\/01\/elus2-1024x1024.jpg\" class=\"attachment-large size-large wp-post-image\" alt=\"Gwendal Quiguer, \u00e9lu \u00e9cologiste de Brest\" style=\"\" srcset=\"https:\/\/brest-ecologie.bzh\/wp-content\/uploads\/2021\/01\/elus2-1024x1024.jpg 1024w, https:\/\/brest-ecologie.bzh\/wp-content\/uploads\/2021\/01\/elus2-300x300.jpg 300w, https:\/\/brest-ecologie.bzh\/wp-content\/uploads\/2021\/01\/elus2-150x150.jpg 150w, https:\/\/brest-ecologie.bzh\/wp-content\/uploads\/2021\/01\/elus2-768x768.jpg 768w, https:\/\/brest-ecologie.bzh\/wp-content\/uploads\/2021\/01\/elus2-1536x1536.jpg 1536w, https:\/\/brest-ecologie.bzh\/wp-content\/uploads\/2021\/01\/elus2-2048x2048.jpg 2048w, https:\/\/brest-ecologie.bzh\/wp-content\/uploads\/2021\/01\/elus2-1200x1200.jpg 1200w, https:\/\/brest-ecologie.bzh\/wp-content\/uploads\/2021\/01\/elus2-1980x1980.jpg 1980w\" sizes=\"auto, (min-width: 1280px) 378px, (min-width: 1024px) calc(33.33vw - 48px), (min-width: 700px) calc(50vw - 56px), calc(100vw - 40px)\" \/><\/div><a class=\"wp-block-latest-posts__post-title\" href=\"https:\/\/brest-ecologie.bzh\/?p=393\">Interview de Gwendal Quiguer dans la lettre du CCQ Brest-Centre<\/a><time datetime=\"2020-12-14T12:16:00+01:00\" class=\"wp-block-latest-posts__post-date\">14 d\u00e9cembre 2020<\/time><\/li>\n<\/ul><\/div><\/div>\n\n\n\n<div class=\"wp-block-buttons aligncenter is-layout-flex wp-block-buttons-is-layout-flex\">\n<div class=\"wp-block-button\"><a class=\"wp-block-button__link\" href=\"https:\/\/brest-ecologie.bzh\/?cat=45\" target=\"_blank\" rel=\"noreferrer noopener\">voir plus<\/a><\/div>\n<\/div>\n","protected":false},"excerpt":{"rendered":"<p>Nos engagements L\u2019innovation sociale permet de r\u00e9pondre aux besoins des citoyen\u00b7ne\u00b7s et doit \u00eatre encourag\u00e9e. Pour prot\u00e9ger et favoriser l\u2019utilisation des communs urbains, nous souhaitons mettre en place une charte brestoise des communs et initier une d\u00e9marche participative autour de 10 lieux \u00e0 r\u00e9inventer. Nous proposons \u00e9galement la cr\u00e9ation d\u2019une Assembl\u00e9e du temps long, dont&hellip;<\/p>\n","protected":false},"author":1,"featured_media":0,"parent":53,"menu_order":0,"comment_status":"closed","ping_status":"closed","template":"tw-header-transparent-light.php","meta":{"footnotes":""},"class_list":["post-761","page","type-page","status-publish","hentry"],"yoast_head":"<!-- This site is optimized with the Yoast SEO plugin v23.0 - https:\/\/yoast.com\/wordpress\/plugins\/seo\/ -->\n<title>Innovation sociale et communs - Elu\u00b7es \u00e9cologistes Brest<\/title>\n<meta name=\"robots\" content=\"index, follow, max-snippet:-1, max-image-preview:large, max-video-preview:-1\" \/>\n<link rel=\"canonical\" href=\"https:\/\/brest-ecologie.bzh\/?page_id=761\" \/>\n<meta property=\"og:locale\" content=\"fr_FR\" \/>\n<meta property=\"og:type\" content=\"article\" \/>\n<meta property=\"og:title\" content=\"Innovation sociale et communs - Elu\u00b7es \u00e9cologistes Brest\" \/>\n<meta property=\"og:description\" content=\"Nos engagements L\u2019innovation sociale permet de r\u00e9pondre aux besoins des citoyen\u00b7ne\u00b7s et doit \u00eatre encourag\u00e9e. Pour prot\u00e9ger et favoriser l\u2019utilisation des communs urbains, nous souhaitons mettre en place une charte brestoise des communs et initier une d\u00e9marche participative autour de 10 lieux \u00e0 r\u00e9inventer. Nous proposons \u00e9galement la cr\u00e9ation d\u2019une Assembl\u00e9e du temps long, dont&hellip;\" \/>\n<meta property=\"og:url\" content=\"https:\/\/brest-ecologie.bzh\/?page_id=761\" \/>\n<meta property=\"og:site_name\" content=\"Elu\u00b7es \u00e9cologistes Brest\" \/>\n<meta property=\"article:publisher\" content=\"https:\/\/www.facebook.com\/Elu.e.sEcoloBrest\" \/>\n<meta property=\"article:modified_time\" content=\"2021-01-22T10:20:48+00:00\" \/>\n<meta name=\"twitter:card\" content=\"summary_large_image\" \/>\n<meta name=\"twitter:site\" content=\"@BrestEcologie\" \/>\n<meta name=\"twitter:label1\" content=\"Dur\u00e9e de lecture estim\u00e9e\" \/>\n\t<meta name=\"twitter:data1\" content=\"1 minute\" \/>\n<script type=\"application\/ld+json\" class=\"yoast-schema-graph\">{\"@context\":\"https:\/\/schema.org\",\"@graph\":[{\"@type\":\"WebPage\",\"@id\":\"https:\/\/brest-ecologie.bzh\/?page_id=761\",\"url\":\"https:\/\/brest-ecologie.bzh\/?page_id=761\",\"name\":\"Innovation sociale et communs - Elu\u00b7es \u00e9cologistes Brest\",\"isPartOf\":{\"@id\":\"https:\/\/brest-ecologie.bzh\/#website\"},\"datePublished\":\"2021-01-07T13:41:43+00:00\",\"dateModified\":\"2021-01-22T10:20:48+00:00\",\"breadcrumb\":{\"@id\":\"https:\/\/brest-ecologie.bzh\/?page_id=761#breadcrumb\"},\"inLanguage\":\"fr-FR\",\"potentialAction\":[{\"@type\":\"ReadAction\",\"target\":[\"https:\/\/brest-ecologie.bzh\/?page_id=761\"]}]},{\"@type\":\"BreadcrumbList\",\"@id\":\"https:\/\/brest-ecologie.bzh\/?page_id=761#breadcrumb\",\"itemListElement\":[{\"@type\":\"ListItem\",\"position\":1,\"name\":\"Accueil\",\"item\":\"https:\/\/brest-ecologie.bzh\/\"},{\"@type\":\"ListItem\",\"position\":2,\"name\":\"Programme\",\"item\":\"https:\/\/brest-ecologie.bzh\/?page_id=53\"},{\"@type\":\"ListItem\",\"position\":3,\"name\":\"Innovation sociale et communs\"}]},{\"@type\":\"WebSite\",\"@id\":\"https:\/\/brest-ecologie.bzh\/#website\",\"url\":\"https:\/\/brest-ecologie.bzh\/\",\"name\":\"Elu\u00b7e\u00b7s \u00e9cologistes Brest\",\"description\":\"\",\"publisher\":{\"@id\":\"https:\/\/brest-ecologie.bzh\/#organization\"},\"potentialAction\":[{\"@type\":\"SearchAction\",\"target\":{\"@type\":\"EntryPoint\",\"urlTemplate\":\"https:\/\/brest-ecologie.bzh\/?s={search_term_string}\"},\"query-input\":\"required name=search_term_string\"}],\"inLanguage\":\"fr-FR\"},{\"@type\":\"Organization\",\"@id\":\"https:\/\/brest-ecologie.bzh\/#organization\",\"name\":\"Elu\u00b7e\u00b7s \u00e9cologistes de Brest ville et m\u00e9tropole\",\"url\":\"https:\/\/brest-ecologie.bzh\/\",\"logo\":{\"@type\":\"ImageObject\",\"inLanguage\":\"fr-FR\",\"@id\":\"https:\/\/brest-ecologie.bzh\/#\/schema\/logo\/image\/\",\"url\":\"https:\/\/brest-ecologie.bzh\/wp-content\/uploads\/2021\/02\/logo-elus.png\",\"contentUrl\":\"https:\/\/brest-ecologie.bzh\/wp-content\/uploads\/2021\/02\/logo-elus.png\",\"width\":2300,\"height\":921,\"caption\":\"Elu\u00b7e\u00b7s \u00e9cologistes de Brest ville et m\u00e9tropole\"},\"image\":{\"@id\":\"https:\/\/brest-ecologie.bzh\/#\/schema\/logo\/image\/\"},\"sameAs\":[\"https:\/\/www.facebook.com\/Elu.e.sEcoloBrest\",\"https:\/\/x.com\/BrestEcologie\",\"https:\/\/www.youtube.com\/channel\/UCF26X4ImxDdDiydIKxoA2WA\"]}]}<\/script>\n<!-- \/ Yoast SEO plugin. -->","yoast_head_json":{"title":"Innovation sociale et communs - Elu\u00b7es \u00e9cologistes Brest","robots":{"index":"index","follow":"follow","max-snippet":"max-snippet:-1","max-image-preview":"max-image-preview:large","max-video-preview":"max-video-preview:-1"},"canonical":"https:\/\/brest-ecologie.bzh\/?page_id=761","og_locale":"fr_FR","og_type":"article","og_title":"Innovation sociale et communs - Elu\u00b7es \u00e9cologistes Brest","og_description":"Nos engagements L\u2019innovation sociale permet de r\u00e9pondre aux besoins des citoyen\u00b7ne\u00b7s et doit \u00eatre encourag\u00e9e. Pour prot\u00e9ger et favoriser l\u2019utilisation des communs urbains, nous souhaitons mettre en place une charte brestoise des communs et initier une d\u00e9marche participative autour de 10 lieux \u00e0 r\u00e9inventer. Nous proposons \u00e9galement la cr\u00e9ation d\u2019une Assembl\u00e9e du temps long, dont&hellip;","og_url":"https:\/\/brest-ecologie.bzh\/?page_id=761","og_site_name":"Elu\u00b7es \u00e9cologistes Brest","article_publisher":"https:\/\/www.facebook.com\/Elu.e.sEcoloBrest","article_modified_time":"2021-01-22T10:20:48+00:00","twitter_card":"summary_large_image","twitter_site":"@BrestEcologie","twitter_misc":{"Dur\u00e9e de lecture estim\u00e9e":"1 minute"},"schema":{"@context":"https:\/\/schema.org","@graph":[{"@type":"WebPage","@id":"https:\/\/brest-ecologie.bzh\/?page_id=761","url":"https:\/\/brest-ecologie.bzh\/?page_id=761","name":"Innovation sociale et communs - Elu\u00b7es \u00e9cologistes Brest","isPartOf":{"@id":"https:\/\/brest-ecologie.bzh\/#website"},"datePublished":"2021-01-07T13:41:43+00:00","dateModified":"2021-01-22T10:20:48+00:00","breadcrumb":{"@id":"https:\/\/brest-ecologie.bzh\/?page_id=761#breadcrumb"},"inLanguage":"fr-FR","potentialAction":[{"@type":"ReadAction","target":["https:\/\/brest-ecologie.bzh\/?page_id=761"]}]},{"@type":"BreadcrumbList","@id":"https:\/\/brest-ecologie.bzh\/?page_id=761#breadcrumb","itemListElement":[{"@type":"ListItem","position":1,"name":"Accueil","item":"https:\/\/brest-ecologie.bzh\/"},{"@type":"ListItem","position":2,"name":"Programme","item":"https:\/\/brest-ecologie.bzh\/?page_id=53"},{"@type":"ListItem","position":3,"name":"Innovation sociale et communs"}]},{"@type":"WebSite","@id":"https:\/\/brest-ecologie.bzh\/#website","url":"https:\/\/brest-ecologie.bzh\/","name":"Elu\u00b7e\u00b7s \u00e9cologistes Brest","description":"","publisher":{"@id":"https:\/\/brest-ecologie.bzh\/#organization"},"potentialAction":[{"@type":"SearchAction","target":{"@type":"EntryPoint","urlTemplate":"https:\/\/brest-ecologie.bzh\/?s={search_term_string}"},"query-input":"required name=search_term_string"}],"inLanguage":"fr-FR"},{"@type":"Organization","@id":"https:\/\/brest-ecologie.bzh\/#organization","name":"Elu\u00b7e\u00b7s \u00e9cologistes de Brest ville et m\u00e9tropole","url":"https:\/\/brest-ecologie.bzh\/","logo":{"@type":"ImageObject","inLanguage":"fr-FR","@id":"https:\/\/brest-ecologie.bzh\/#\/schema\/logo\/image\/","url":"https:\/\/brest-ecologie.bzh\/wp-content\/uploads\/2021\/02\/logo-elus.png","contentUrl":"https:\/\/brest-ecologie.bzh\/wp-content\/uploads\/2021\/02\/logo-elus.png","width":2300,"height":921,"caption":"Elu\u00b7e\u00b7s \u00e9cologistes de Brest ville et m\u00e9tropole"},"image":{"@id":"https:\/\/brest-ecologie.bzh\/#\/schema\/logo\/image\/"},"sameAs":["https:\/\/www.facebook.com\/Elu.e.sEcoloBrest","https:\/\/x.com\/BrestEcologie","https:\/\/www.youtube.com\/channel\/UCF26X4ImxDdDiydIKxoA2WA"]}]}},"_links":{"self":[{"href":"https:\/\/brest-ecologie.bzh\/index.php?rest_route=\/wp\/v2\/pages\/761","targetHints":{"allow":["GET"]}}],"collection":[{"href":"https:\/\/brest-ecologie.bzh\/index.php?rest_route=\/wp\/v2\/pages"}],"about":[{"href":"https:\/\/brest-ecologie.bzh\/index.php?rest_route=\/wp\/v2\/types\/page"}],"author":[{"embeddable":true,"href":"https:\/\/brest-ecologie.bzh\/index.php?rest_route=\/wp\/v2\/users\/1"}],"replies":[{"embeddable":true,"href":"https:\/\/brest-ecologie.bzh\/index.php?rest_route=%2Fwp%2Fv2%2Fcomments&post=761"}],"version-history":[{"count":6,"href":"https:\/\/brest-ecologie.bzh\/index.php?rest_route=\/wp\/v2\/pages\/761\/revisions"}],"predecessor-version":[{"id":1343,"href":"https:\/\/brest-ecologie.bzh\/index.php?rest_route=\/wp\/v2\/pages\/761\/revisions\/1343"}],"up":[{"embeddable":true,"href":"https:\/\/brest-ecologie.bzh\/index.php?rest_route=\/wp\/v2\/pages\/53"}],"wp:attachment":[{"href":"https:\/\/brest-ecologie.bzh\/index.php?rest_route=%2Fwp%2Fv2%2Fmedia&parent=761"}],"curies":[{"name":"wp","href":"https:\/\/api.w.org\/{rel}","templated":true}]}}